{"id":279,"date":"2023-07-18T15:50:00","date_gmt":"2023-07-18T13:50:00","guid":{"rendered":"https:\/\/500.gr.ch\/?page_id=279"},"modified":"2024-12-11T13:50:47","modified_gmt":"2024-12-11T12:50:47","slug":"home","status":"publish","type":"page","link":"https:\/\/500.gr.ch\/rum\/","title":{"rendered":"Home"},"content":{"rendered":"<div class=\"wpb-content-wrapper\"><p>[vc_section css=&#8221;.vc_custom_1689846279944{background-image: url(https:\/\/500.gr.ch\/wp-content\/uploads\/2023\/07\/Karte_Drei_Buende-3638462761-1.png?id=15) !important;background-position: center !important;background-repeat: no-repeat !important;background-size: cover !important;}&#8221; el_class=&#8221;hero hero_home full_width&#8221;][vc_row][vc_column][vc_column_text el_class=&#8221;mb-0 white_text title_element&#8221;]<\/p>\n<h1 style=\"text-align: center;\">500 onns<br \/>\nStadi liber<br \/>\nda las Trais Lias<\/h1>\n<p>[\/vc_column_text][\/vc_column][\/vc_row][vc_row el_class=&#8221;scroll_icon_wrapper_row&#8221;][vc_column][vc_column_text el_class=&#8221;mb-0 scroll_icon_wrapper&#8221;]<div class=\"scroll_icon_el\"><svg width=\"65\" height=\"65\" viewBox=\"0 0 65 65\" fill=\"none\" xmlns=\"http:\/\/www.w3.org\/2000\/svg\"> <path fill-rule=\"evenodd\" clip-rule=\"evenodd\" d=\"M54.3022 31.7322C55.2769 32.7086 55.2769 34.2915 54.3022 35.2678L34.3355 55.2677C33.3608 56.244 31.7805 56.244 30.8059 55.2677L10.8391 35.2678C9.86452 34.2914 9.86452 32.7085 10.8391 31.7322C11.8138 30.7559 13.3941 30.7559 14.3688 31.7322L32.5707 49.9645L50.7725 31.7322C51.7472 30.7559 53.3275 30.7559 54.3022 31.7322Z\" fill=\"white\"\/> <path fill-rule=\"evenodd\" clip-rule=\"evenodd\" d=\"M54.3022 8.73222C55.2769 9.70855 55.2769 11.2915 54.3022 12.2678L34.3355 32.2677C33.3608 33.244 31.7805 33.244 30.8059 32.2677L10.8391 12.2678C9.86452 11.2914 9.86452 9.70855 10.8391 8.73222C11.8138 7.75592 13.3941 7.75592 14.3688 8.73222L32.5707 26.9645L50.7725 8.73222C51.7472 7.75592 53.3275 7.75592 54.3022 8.73222Z\" fill=\"white\"\/> <\/svg><\/div>[\/vc_column_text][\/vc_column][\/vc_row][\/vc_section][vc_section el_id=&#8221;intro&#8221;][vc_row el_class=&#8221;intro_text&#8221;][vc_column][vc_column_text el_class=&#8221;title_h3 mb-0&#8243;]\u00abTrais Lias per la vita\u00bb, quai \u00e8 il motto per il giubileum \u00ab500 onn Stadi liber da las Trais Lias\u00bb.<\/p>\n<p>L&#8217;onn 1524 han la Lia Grischa, la Lia da la Chad\u00e9 e la Lia da las Diesch Dretgiras sigill\u00e0 ina Brev da federaziun ed uschia fund\u00e0 il Stadi liber da las Trais Lias. Quest stadi liber \u00e8 sa svilupp\u00e0 pli tard al chantun Grischun actual. Cun passa 400 occurrenzas en tut las regiuns linguisticas e cun 12 projects guarda il chantun Grischun enavos sin in onn da giubileum 2024 multifar.[\/vc_column_text][vc_column_text][\/vc_column_text][vc_video link=&#8221;https:\/\/www.youtube.com\/watch?v=O_8DGaaU-7s&#8221;][\/vc_column][\/vc_row][\/vc_section][vc_section][vc_row equal_height=&#8221;yes&#8221; content_placement=&#8221;middle&#8221; el_class=&#8221;fe_row animate_el&#8221;][vc_column width=&#8221;1\/2&#8243; el_class=&#8221;fe_image&#8221;][vc_single_image image=&#8221;3792&#8243; img_size=&#8221;full&#8221;][\/vc_column][vc_column width=&#8221;1\/2&#8243; el_class=&#8221;fe_content&#8221;][vc_column_text el_class=&#8221;title_element&#8221;]<\/p>\n<h2>Dietas<\/h2>\n<p>[\/vc_column_text][vc_column_text]Cuira, Tavau e Glion \u00e8n ils lieus nua che las \u2018Dietas\u2019 vegnivan salvadas tradiziunalmain. Il 2024 vegnan vitiers novs lieus. Gia ussa \u00e8si cler: grondas discussiuns e festas datti en tut las regiuns dal Grischun.[\/vc_column_text][vc_btn title=&#8221;Savair dapli&#8221; link=&#8221;url:https%3A%2F%2F500.gr.ch%2Frum%2Foccurrenzas%2F|title:Occurenzas|&#8221;][\/vc_column][\/vc_row][vc_row equal_height=&#8221;yes&#8221; content_placement=&#8221;middle&#8221; el_class=&#8221;fe_row animate_el&#8221;][vc_column width=&#8221;1\/2&#8243; el_class=&#8221;fe_image&#8221;][vc_single_image image=&#8221;4177&#8243; img_size=&#8221;full&#8221;][\/vc_column][vc_column width=&#8221;1\/2&#8243; el_class=&#8221;fe_content&#8221;][vc_column_text el_class=&#8221;title_element&#8221;]<\/p>\n<h2>Gieu auditiv: \u00abL&#8217;ultim dragun\u00bb<\/h2>\n<p>[\/vc_column_text][vc_column_text]Il dragun dal Piz Gren duai avair g\u00ec differentas aventuras avant sia bandischun.<br \/>\nIl gieu auditiv raquinta en otg episodas la saga dal dragun grischun. Audituras ed auditurs fan in viadi istoric cun relaziuns cun il preschent dal Grischun actual.[\/vc_column_text][vc_btn title=&#8221;Savair dapli&#8221; link=&#8221;url:https%3A%2F%2F500.gr.ch%2Frum%2Fgieu-auditiv%2F|target:_blank|&#8221;][\/vc_column][\/vc_row][vc_row equal_height=&#8221;yes&#8221; content_placement=&#8221;middle&#8221; el_class=&#8221;fe_row animate_el&#8221;][vc_column width=&#8221;1\/2&#8243; el_class=&#8221;fe_image&#8221;][vc_single_image image=&#8221;3373&#8243; img_size=&#8221;full&#8221;][\/vc_column][vc_column width=&#8221;1\/2&#8243; el_class=&#8221;fe_content&#8221;][vc_column_text el_class=&#8221;title_element&#8221;]<\/p>\n<h2>Exposiziun ambulanta<\/h2>\n<p>[\/vc_column_text][vc_column_text]<strong>In\u2019istorgia \u2013 bleras fassettas<\/strong><br \/>\nDurant l\u2019onn da giubileum viagia in museum mobil tras il Grischun e tematisescha da maniera multifara e nunspetgada l\u2019istorgia e la cultura grischuna. En ses viadi tras las valladas rimna il mini-museum objects preferids da Grischunas e Grischuns e daventa uschia ina trucca da stgazis mobila.[\/vc_column_text][vc_btn title=&#8221;Savair dapli&#8221; link=&#8221;url:https%3A%2F%2F500.gr.ch%2Frum%2Fexposiziun-ambulanta%2F|title:Exposiziun%20ambulanta|target:_blank|rel:nofollow|&#8221;][\/vc_column][\/vc_row][vc_row equal_height=&#8221;yes&#8221; content_placement=&#8221;middle&#8221; el_class=&#8221;fe_row animate_el&#8221;][vc_column width=&#8221;1\/2&#8243; el_class=&#8221;fe_image&#8221;][vc_single_image image=&#8221;3910&#8243; img_size=&#8221;full&#8221;][\/vc_column][vc_column width=&#8221;1\/2&#8243; el_class=&#8221;fe_content&#8221;][vc_column_text el_class=&#8221;title_element&#8221;]<\/p>\n<h2>Cudesch \u00abLa Brev da Federaziun dals 23 da settember 1524\u00bb<\/h2>\n<p>[\/vc_column_text][vc_column_text]La reuniun da las Trais Lias \u00e8 vegnida documentada en ina Brev da Federaziun l&#8217;onn 1524. Quest document vegn ussa \u2013 en il rom dal giubileum Stadi liber da las Trais Lias \u2013 ed\u00ec da l&#8217;Archiv dal stadi dal Grischun en tut las trais linguas chantunalas. L&#8217;ediziun dal text original vegn accumpagnada d&#8217;ina versiun en lingua moderna e d&#8217;ina preschentaziun istorica, er quella en tut las trais linguas chantunalas.[\/vc_column_text][vc_btn title=&#8221;Al shop&#8221; link=&#8221;url:https%3A%2F%2Fwww.somedia-buchverlag.ch%2Fgesamtverzeichnis%2Fdeder-bundsbrief-vom-23-september-1524%2F|title:Shop%20Somedia|target:_blank|rel:nofollow|&#8221;][\/vc_column][\/vc_row][vc_row equal_height=&#8221;yes&#8221; content_placement=&#8221;middle&#8221; el_class=&#8221;fe_row animate_el&#8221;][vc_column width=&#8221;1\/2&#8243; el_class=&#8221;fe_image&#8221;][vc_single_image image=&#8221;5126&#8243; img_size=&#8221;full&#8221;][\/vc_column][vc_column width=&#8221;1\/2&#8243; el_class=&#8221;fe_content&#8221;][vc_column_text el_class=&#8221;title_element&#8221;]<\/p>\n<h2>Teater al liber \u00ab1524\u00bb<\/h2>\n<p>[\/vc_column_text][vc_column_text]Il cumenzament dal temp modern muventa er las Trais Lias. Il mercenariat ambivalent, la pussanza sur la Vuclina, il svilup da la refurmaziun e la cuntraversa cun las grondas pussanzas estras promovan la fusiun da las Trais Lias e pussibiliteschan ad ellas da defender lur agens interess. L&#8217;epoca turbulenta vegn exprimida en in nov, grond teater al liber che Origen realisescha sin la planira auta da Lantsch.[\/vc_column_text][vc_btn title=&#8221;Savair dapli&#8221; link=&#8221;url:https%3A%2F%2F500.gr.ch%2Frum%2Fprojects%2F|title:Projects|&#8221;][\/vc_column][\/vc_row][vc_row equal_height=&#8221;yes&#8221; content_placement=&#8221;middle&#8221; el_class=&#8221;fe_row animate_el&#8221;][vc_column width=&#8221;1\/2&#8243; el_class=&#8221;fe_image&#8221;][vc_single_image image=&#8221;3813&#8243; img_size=&#8221;full&#8221;][\/vc_column][vc_column width=&#8221;1\/2&#8243; el_class=&#8221;fe_content&#8221;][vc_column_text el_class=&#8221;title_element&#8221;]<\/p>\n<h2>Occurrenzas<\/h2>\n<p>[\/vc_column_text][vc_column_text]Art u culinarica? Concert u excursiun? Il giubileum \u00ab500 onns Stadi liber da las Trais Lias\u00bb vegn accumpagn\u00e0 da numerusas occurrenzas. Davart quellas occurrenzas vegn infurm\u00e0 qua cuntinuadamain.[\/vc_column_text][vc_btn title=&#8221;Savair dapli&#8221; link=&#8221;url:https%3A%2F%2F500.gr.ch%2Frum%2Foccurrenzas%2F|title:Occurenzas|&#8221;][\/vc_column][\/vc_row][vc_row equal_height=&#8221;yes&#8221; content_placement=&#8221;middle&#8221; disable_element=&#8221;yes&#8221; el_class=&#8221;fe_row animate_el&#8221;][vc_column width=&#8221;1\/2&#8243; el_class=&#8221;fe_image&#8221;][vc_single_image image=&#8221;1572&#8243; img_size=&#8221;full&#8221;][\/vc_column][vc_column width=&#8221;1\/2&#8243; el_class=&#8221;fe_content&#8221;][vc_column_text el_class=&#8221;title_element&#8221;]<\/p>\n<h2>Poetry Slam Contest<\/h2>\n<p>[\/vc_column_text][vc_column_text]Istorgia \u00e8 sitga e lungurusa? Tuttavia betg! Il 2024 mussan giuvenils a chaschun da Poetry Slam Contests co ch\u2019ins sa metter en scena l\u2019istorgia cun pleds variads e da maniera captivanta. Ordavant datti workshops cun in profi da la furma artistica litterara performativa da \u00abSlam-Poetry\u00bb.[\/vc_column_text][vc_btn title=&#8221;Savair dapli&#8221; link=&#8221;url:https%3A%2F%2F500.gr.ch%2Frum%2Fpoetry-slam-contests%2F|title:Poetry%20Slam%20Contest|&#8221;][\/vc_column][\/vc_row][vc_row equal_height=&#8221;yes&#8221; content_placement=&#8221;middle&#8221; el_class=&#8221;fe_row animate_el&#8221;][vc_column width=&#8221;1\/2&#8243; el_class=&#8221;fe_image&#8221;][vc_single_image image=&#8221;5121&#8243; img_size=&#8221;full&#8221;][\/vc_column][vc_column width=&#8221;1\/2&#8243; el_class=&#8221;fe_content&#8221;][vc_column_text el_class=&#8221;title_element&#8221;]<\/p>\n<h2>Atlas da l&#8217;istorgia dal Grischun 1524-2024<\/h2>\n<p>[\/vc_column_text][vc_column_text]Co \u00e8 il Grischun sa svilupp\u00e0 ils davos 500 onns? Quai muss il nov \u00abAtlas da l\u2019istorgia dal Grischun 1524-2024\u00bb \u2013 e quai da maniera viva: 50 temas relevants per la vita vegnan visualisads cun cartas, maletgs e graficas.[\/vc_column_text][vc_btn title=&#8221;Savair dapli&#8221; link=&#8221;url:https%3A%2F%2F500.gr.ch%2Frum%2Fatlas%2F|title:Atlas|&#8221;][\/vc_column][\/vc_row][vc_row equal_height=&#8221;yes&#8221; content_placement=&#8221;middle&#8221; el_class=&#8221;fe_row animate_el&#8221;][vc_column width=&#8221;1\/2&#8243; el_class=&#8221;fe_image&#8221;][vc_single_image image=&#8221;5327&#8243; img_size=&#8221;full&#8221;][\/vc_column][vc_column width=&#8221;1\/2&#8243; el_class=&#8221;fe_content&#8221;][vc_column_text el_class=&#8221;title_element&#8221;]<\/p>\n<h2>Arranschament didactic \u00abSin ils fastizs da las Trais Lias\u00bb<\/h2>\n<p>[\/vc_column_text][vc_column_text]Il giubileum \u00ab500 onns Stadi liber da las Trais Lias\u00bb rinforza la schientscha istorica en il Grischun surora l\u2019onn da giubileum per propi. Generaziuns futuras profitan d\u2019in arranschament didactic <span class=\"word\" data-word=\"\u00abSin\"><span class=\"char\" data-char=\"\u00ab\"><span class=\"char_inner\">\u00ab<\/span><\/span><span class=\"char\" data-char=\"S\"><span class=\"char_inner\">S<\/span><\/span><span class=\"char\" data-char=\"i\"><span class=\"char_inner\">i<\/span><\/span><span class=\"char\" data-char=\"n\"><span class=\"char_inner\">n <\/span><\/span><\/span><span class=\"word\" data-word=\"ils\"><span class=\"char\" data-char=\"i\"><span class=\"char_inner\">i<\/span><\/span><span class=\"char\" data-char=\"l\"><span class=\"char_inner\">l<\/span><\/span><span class=\"char\" data-char=\"s\"><span class=\"char_inner\">s <\/span><\/span><\/span><span class=\"word\" data-word=\"fastizs\"><span class=\"char\" data-char=\"f\"><span class=\"char_inner\">f<\/span><\/span><span class=\"char\" data-char=\"a\"><span class=\"char_inner\">a<\/span><\/span><span class=\"char\" data-char=\"s\"><span class=\"char_inner\">s<\/span><\/span><span class=\"char\" data-char=\"t\"><span class=\"char_inner\">t<\/span><\/span><span class=\"char\" data-char=\"i\"><span class=\"char_inner\">i<\/span><\/span><span class=\"char\" data-char=\"z\"><span class=\"char_inner\">z<\/span><\/span><span class=\"char\" data-char=\"s\"><span class=\"char_inner\">s <\/span><\/span><\/span><span class=\"word\" data-word=\"da\"><span class=\"char\" data-char=\"d\"><span class=\"char_inner\">d<\/span><\/span><span class=\"char\" data-char=\"a\"><span class=\"char_inner\">a <\/span><\/span><\/span><span class=\"word\" data-word=\"las\"><span class=\"char\" data-char=\"l\"><span class=\"char_inner\">l<\/span><\/span><span class=\"char\" data-char=\"a\"><span class=\"char_inner\">a<\/span><\/span><span class=\"char\" data-char=\"s\"><span class=\"char_inner\">s <\/span><\/span><\/span><span class=\"word\" data-word=\"Trais\"><span class=\"char\" data-char=\"T\"><span class=\"char_inner\">T<\/span><\/span><span class=\"char\" data-char=\"r\"><span class=\"char_inner\">r<\/span><\/span><span class=\"char\" data-char=\"a\"><span class=\"char_inner\">a<\/span><\/span><span class=\"char\" data-char=\"i\"><span class=\"char_inner\">i<\/span><\/span><span class=\"char\" data-char=\"s\"><span class=\"char_inner\">s <\/span><\/span><\/span><span class=\"word\" data-word=\"Lias\u00bb\"><span class=\"char\" data-char=\"L\"><span class=\"char_inner\">L<\/span><\/span><span class=\"char\" data-char=\"i\"><span class=\"char_inner\">i<\/span><\/span><span class=\"char\" data-char=\"a\"><span class=\"char_inner\">a<\/span><\/span><span class=\"char\" data-char=\"s\"><span class=\"char_inner\">s<\/span><\/span><span class=\"char\" data-char=\"\u00bb\"><span class=\"char_inner\">\u00bb\u00a0<\/span><\/span><\/span>en il nov med d\u2019instrucziun digital e pluriling: \u00abInVista Grischun\u00bb.[\/vc_column_text][vc_btn title=&#8221;Savair dapli&#8221; link=&#8221;url:https%3A%2F%2F500.gr.ch%2Frum%2F500-onns-stadi-liber-da-las-trais-lias-arranschament-didactic-sin-ils-fastizs-da-las-trais-lias%2F|title:Lernarrangement%20Drei%20B%C3%BCnde|&#8221;][\/vc_column][\/vc_row][\/vc_section][vc_section css=&#8221;.vc_custom_1698220576053{background-color: rgba(40,40,40,0.05) !important;*background-color: rgb(40,40,40) !important;}&#8221;][vc_row el_class=&#8221;home_event_row&#8221;][vc_column][vc_column_text el_class=&#8221;section_title title_element&#8221;]<\/p>\n<h2>Occurrenzas<\/h2>\n<p>[\/vc_column_text][vc_column_text el_class=&#8221;mb-0&#8243;]<div class='grid grid_event slide_container grid_slider'><div class ='element-item post_item slide_item event_item'><div class='slide_item_wrapper'><div class='event_image grid_image'><div class='post_image_inner' style='background-color: #E0DFD9;'><\/div><div class='event_pr_all_bnt static_el vc_btn3-container vc_btn3-inline'><a class='vc_general vc_btn3' href='\/veranstaltungen\/#alle-veranstaltungen' style='text-decoration: none;'>Alle Veranstaltungen<\/a><\/div><\/div><\/div><\/div><\/div>[\/vc_column_text][vc_btn title=&#8221;Tut las occurrenzas&#8221; el_class=&#8221;secondary_w_arrow mb-0 float_btn&#8221; link=&#8221;url:https%3A%2F%2F500.gr.ch%2Frum%2Foccurrenzas%2F%23alle-veranstaltungen|title:Occurenzas|&#8221;][\/vc_column][\/vc_row][\/vc_section][vc_section][vc_row][vc_column][vc_column_text el_class=&#8221;section_title title_element&#8221;]<\/p>\n<h2>Novitads<\/h2>\n<p>[\/vc_column_text][vc_column_text el_class=&#8221;mb-0&#8243;]<div class='grid grid_news slide_container grid_slider'><div class='element-item post_item slide_item news_item'><div class='slide_item_wrapper'><a class='no_hover_link' href='https:\/\/500.gr.ch\/rum\/500-onns-stadi-liber-da-las-trais-lias-rinforza-la-conscienza-per-listorgia-2\/'><div class='post_image grid_image'><div class='post_image_inner' style='background-image: url(https:\/\/500.gr.ch\/wp-content\/uploads\/2024\/06\/Bundstag_Ilanz_Web-7147.jpg);'><\/div><\/div><div class='post_item_wrapper'><div class='post_title title_h3'><p>500 onns Stadi liber da las Trais Lias \u2013 rinforz\u00e0 la conscienza per l&#8217;istorgia<\/p><\/div><div class='post_content'>\n\t\t\t\t\t\t\t\t\t\t\t\t\t\t\t\t\t\t\t<p>Sut la devisa \u00abTrais Lias per la vita\u00bb \u00e8 vegnida commemorada l'onn 2024 la fundaziun da l'emprim stadi independent e festivada cun in grond dumber d'occurrenzas e da projects. La Regenza ha prend\u00ec enconuschientscha dal rapport final davart las festivitads. Las finamiras ch'eran vegnidas fixadas en il concept per las festivitads da giubileum \u00e8n vegnidas cuntanschidas ed il rom finanzial da 2 milliuns francs \u00e8 vegn\u00ec resguard\u00e0.<\/p>\n\t\t\t\t\t\t\t\t\t\t\t\t\t\t\t\t\t\t<\/div><div class='post_inline_link'><button class='inline_link'>mehr erfahren<\/button><\/div><\/div><\/a><\/div><\/div><div class='element-item post_item slide_item news_item'><div class='slide_item_wrapper'><a class='no_hover_link' href='https:\/\/500.gr.ch\/rum\/500-onns-stadi-liber-da-las-trais-lias-stgazis-grischuns-ussa-sco-cudesch\/'><div class='post_image grid_image'><div class='post_image_inner' style='background-image: url(https:\/\/500.gr.ch\/wp-content\/uploads\/2025\/04\/5-11.04.2025_16A4874.jpg);'><\/div><\/div><div class='post_item_wrapper'><div class='post_title title_h3'><p>500 onns Stadi liber da las Trais Lias \u2013 \u00abStgazis grischuns\u00bb ussa sco cudesch<\/p><\/div><div class='post_inline_link'><button class='inline_link'>mehr erfahren<\/button><\/div><\/div><\/a><\/div><\/div><div class='element-item post_item slide_item news_item'><div class='slide_item_wrapper'><a class='no_hover_link' href='https:\/\/500.gr.ch\/rum\/500-onns-stadi-liber-da-las-trais-lias-rinforza-la-conscienza-per-listorgia\/'><div class='post_image grid_image'><div class='post_image_inner' style='background-image: url(https:\/\/500.gr.ch\/wp-content\/uploads\/2024\/06\/Bundstag_Ilanz_Web-7147.jpg);'><\/div><\/div><div class='post_item_wrapper'><div class='post_title title_h3'><p>500 onns Stadi liber da las Trais Lias \u2013 rinforz\u00e0 la conscienza per l&#8217;istorgia<\/p><\/div><div class='post_content'>\n\t\t\t\t\t\t\t\t\t\t\t\t\t\t\t\t\t\t\t<p>Cun in grond dumber d'occurrenzas e da projects \u00e8 vegn\u00ec regurd\u00e0 quest onn als origins da l'emprim stadi independent sin territori grischun. L'onn 1524 han la Lia Grischa, la Lia da la Chad\u00e9 e la Lia da las Diesch Dretgiras sigill\u00e0 ina Brev da federaziun ed uschia fund\u00e0 il Stadi liber da las Trais Lias. Quest stadi liber \u00e8 sa svilupp\u00e0 pli tard al chantun Grischun actual. A la fin da l'onn da giubileum tira la Regenza grischuna ina bilantscha positiva.<\/p>\n\t\t\t\t\t\t\t\t\t\t\t\t\t\t\t\t\t\t<\/div><div class='post_inline_link'><button class='inline_link'>mehr erfahren<\/button><\/div><\/div><\/a><\/div><\/div><div class='element-item post_item slide_item news_item'><div class='slide_item_wrapper'><a class='no_hover_link' href='https:\/\/500.gr.ch\/rum\/500-onns-stadi-liber-da-las-trais-lias-ils-stgazis-grischuns-viagian-per-il-final-en-il-museum-retic\/'><div class='post_image grid_image'><div class='post_image_inner' style='background-image: url(https:\/\/500.gr.ch\/wp-content\/uploads\/2024\/10\/GR500_Web-6262.jpg);'><\/div><\/div><div class='post_item_wrapper'><div class='post_title title_h3'><p>500 onns Stadi liber da las Trais Lias \u2013 ils stgazis grischuns viagian per il final en il Museum retic<\/p><\/div><div class='post_content'>\n\t\t\t\t\t\t\t\t\t\t\t\t\t\t\t\t\t\t\t<p>L'exposiziun ambulanta per il giubileum da \u00ab500 onns Stadi liber da las Trais Lias\u00bb terminescha cun success sia turnea tras il Grischun e resplenda ensemen cun ils stgazis rimnads en in'exposiziun speziala dal Museum retic. Plain mirveglias dastgan ins spetgar ina parada d'objects emprestads ch'\u00e8 tutganta, interessanta e cun bleras fassettas.<\/p>\n\t\t\t\t\t\t\t\t\t\t\t\t\t\t\t\t\t\t<\/div><div class='post_inline_link'><button class='inline_link'>mehr erfahren<\/button><\/div><\/div><\/a><\/div><\/div><div class='element-item post_item slide_item news_item'><div class='slide_item_wrapper'><a class='no_hover_link' href='https:\/\/500.gr.ch\/rum\/500-onns-stadi-liber-da-las-trais-lias-arranschament-didactic-sin-ils-fastizs-da-las-trais-lias\/'><div class='post_image grid_image'><div class='post_image_inner' style='background-image: url(https:\/\/500.gr.ch\/wp-content\/uploads\/2024\/09\/EinBlickGraubuenden_Drei-Bunde_SuS_Puter.png);'><\/div><\/div><div class='post_item_wrapper'><div class='post_title title_h3'><p>500 onns Stadi liber da las Trais Lias \u2013 arranschament didactic \u00abSin ils fastizs da las Trais Lias\u00bb<\/p><\/div><div class='post_content'>\n\t\t\t\t\t\t\t\t\t\t\t\t\t\t\t\t\t\t\t<p>Sco contribuziun al giubileum \u00ab500 onns Stadi liber da las Trais Lias\u00bb ha l'Uffizi per la scola populara ed il sport elavur\u00e0 in arranschament didactic per il nov med d'instrucziun \u00abInVista Grischun\u00bb. L'arranschament didactic cun il titel \u00abSin ils fastizs da las Trais Lias\u00bb promova la conscienza istorica da las scolaras e dals scolars ed \u00e8 disponibel en furma digitala en tut las otg linguas da scola.<\/p>\n\t\t\t\t\t\t\t\t\t\t\t\t\t\t\t\t\t\t<\/div><div class='post_inline_link'><button class='inline_link'>mehr erfahren<\/button><\/div><\/div><\/a><\/div><\/div><\/div>[\/vc_column_text][vc_btn title=&#8221;Tut las novitads&#8221; el_class=&#8221;secondary_w_arrow mb-0 float_btn&#8221; link=&#8221;url:https%3A%2F%2F500.gr.ch%2Frum%2Foccurrenzas%2F%23alle-news|&#8221;][\/vc_column][\/vc_row][\/vc_section][vc_section css=&#8221;.vc_custom_1689847133477{background-color: #282828 !important;}&#8221;][vc_row el_class=&#8221;impressionen_row&#8221;][vc_column][vc_column_text el_class=&#8221;white_text title_element&#8221;]<\/p>\n<h2>Impressiuns<\/h2>\n<p>[\/vc_column_text][vc_gallery type=&#8221;image_grid&#8221; images=&#8221;250,1776,1772,1780,1805&#8243; img_size=&#8221;full&#8221; el_class=&#8221;mb-0 animate_el&#8221;][\/vc_column][\/vc_row][\/vc_section]<\/p>\n<\/div>","protected":false},"excerpt":{"rendered":"<p>[vc_section css=&#8221;.vc_custom_1689846279944{background-image: url(https:\/\/500.gr.ch\/wp-content\/uploads\/2023\/07\/Karte_Drei_Buende-3638462761-1.png?id=15) !important;background-position: center !important;background-repeat: no-repeat !important;background-size: cover !important;}&#8221; el_class=&#8221;hero hero_home full_width&#8221;][vc_row][vc_column][vc_column_text el_class=&#8221;mb-0 white_text title_element&#8221;] 500 onns Stadi liber da las Trais Lias [\/vc_column_text][\/vc_column][\/vc_row][vc_row el_class=&#8221;scroll_icon_wrapper_row&#8221;][vc_column][vc_column_text el_class=&#8221;mb-0 scroll_icon_wrapper&#8221;][\/vc_column_text][\/vc_column][\/vc_row][\/vc_section][vc_section el_id=&#8221;intro&#8221;][vc_row el_class=&#8221;intro_text&#8221;][vc_column][vc_column_text el_class=&#8221;title_h3 mb-0&#8243;]\u00abTrais Lias per la vita\u00bb, quai \u00e8 il motto per il giubileum \u00ab500 onn Stadi liber da las Trais Lias\u00bb. L&#8217;onn 1524 han la&hellip; <a class=\"more-link\" href=\"https:\/\/500.gr.ch\/rum\/\">Continue reading <span class=\"screen-reader-text\">Home<\/span><\/a><\/p>\n","protected":false},"author":1,"featured_media":0,"parent":0,"menu_order":0,"comment_status":"closed","ping_status":"open","template":"","meta":{"_acf_changed":false,"inline_featured_image":false,"footnotes":""},"class_list":["post-279","page","type-page","status-publish","hentry","entry"],"acf":[],"_links":{"self":[{"href":"https:\/\/500.gr.ch\/rum\/wp-json\/wp\/v2\/pages\/279","targetHints":{"allow":["GET"]}}],"collection":[{"href":"https:\/\/500.gr.ch\/rum\/wp-json\/wp\/v2\/pages"}],"about":[{"href":"https:\/\/500.gr.ch\/rum\/wp-json\/wp\/v2\/types\/page"}],"author":[{"embeddable":true,"href":"https:\/\/500.gr.ch\/rum\/wp-json\/wp\/v2\/users\/1"}],"replies":[{"embeddable":true,"href":"https:\/\/500.gr.ch\/rum\/wp-json\/wp\/v2\/comments?post=279"}],"version-history":[{"count":170,"href":"https:\/\/500.gr.ch\/rum\/wp-json\/wp\/v2\/pages\/279\/revisions"}],"predecessor-version":[{"id":5449,"href":"https:\/\/500.gr.ch\/rum\/wp-json\/wp\/v2\/pages\/279\/revisions\/5449"}],"wp:attachment":[{"href":"https:\/\/500.gr.ch\/rum\/wp-json\/wp\/v2\/media?parent=279"}],"curies":[{"name":"wp","href":"https:\/\/api.w.org\/{rel}","templated":true}]}}